{"id":242,"date":"2016-01-02T19:44:36","date_gmt":"2016-01-02T18:44:36","guid":{"rendered":"https:\/\/acb-athletisme.fr\/?page_id=242"},"modified":"2019-11-10T23:33:10","modified_gmt":"2019-11-10T22:33:10","slug":"les-photos","status":"publish","type":"page","link":"https:\/\/acb-athletisme.fr\/?page_id=242","title":{"rendered":"Les Photos"},"content":{"rendered":"<p style=\"text-align: center;\" align=\"center\"><strong><span style=\"text-decoration: underline;\">Galeries Photos &nbsp; &nbsp; &nbsp; &nbsp; &nbsp; &nbsp; &nbsp; &nbsp;&nbsp;&nbsp; &nbsp; &nbsp; &nbsp; &nbsp; &nbsp; &nbsp; &nbsp; &nbsp; &nbsp; &nbsp; &nbsp; &nbsp; &nbsp; &nbsp;&nbsp; &nbsp;&nbsp;&nbsp;&nbsp;&nbsp;&nbsp;&nbsp;&nbsp;&nbsp;&nbsp;&nbsp;&nbsp;&nbsp;&nbsp;&nbsp;&nbsp;&nbsp;&nbsp;&nbsp;&nbsp;&nbsp;&nbsp;&nbsp;&nbsp;&nbsp;&nbsp;&nbsp;&nbsp;&nbsp;&nbsp;&nbsp;&nbsp;&nbsp;&nbsp; <a href=\"https:\/\/acb-athletisme.fr\/wp-content\/uploads\/2015\/11\/big_artfichier_330629_3236007_201312210432253.png\"><img loading=\"lazy\" decoding=\"async\" class=\"alignnone wp-image-183\" src=\"https:\/\/acb-athletisme.fr\/wp-content\/uploads\/2015\/11\/big_artfichier_330629_3236007_201312210432253.png\" alt=\"big_artfichier_330629_3236007_201312210432253\" width=\"92\" height=\"93\" srcset=\"https:\/\/acb-athletisme.fr\/wp-content\/uploads\/2015\/11\/big_artfichier_330629_3236007_201312210432253.png 211w, https:\/\/acb-athletisme.fr\/wp-content\/uploads\/2015\/11\/big_artfichier_330629_3236007_201312210432253-150x150.png 150w\" sizes=\"auto, (max-width: 92px) 100vw, 92px\" \/><\/a><br \/>\n<\/span><\/strong><\/p>\n<p align=\"center\"><strong>Albums photos 2019 __________________________________________________<\/strong><\/p>\n<ul>\n<li><strong><span style=\"color: #0000ff;\">Album 1<\/span><\/strong> : <a href=\"https:\/\/photos.app.goo.gl\/VGBUdd6gMLm5pcGY6\"><span style=\"color: #008000;\"><strong>Les Foul\u00e9es de Beauchamp 2019<\/strong><\/span><\/a><\/li>\n<li><strong><span style=\"color: #0000ff;\">Album 2 : <a href=\"https:\/\/photos.app.goo.gl\/ULxXVA53QrHs3diA9\"><span style=\"color: #008000;\">R\u00e9compenses des Foul\u00e9es de Beauchamp 2019<\/span><\/a><\/span><\/strong><\/li>\n<li><strong><span style=\"color: #0000ff;\">Album 3<\/span><\/strong>&nbsp;: <a href=\"https:\/\/photos.app.goo.gl\/f1QVXCCbzsAbpmkLA\"><strong><span style=\"color: #008000;\">Photos Enfants Les Foul\u00e9es de Beauchamp 2019<\/span><\/strong><\/a><\/li>\n<\/ul>\n<p>&nbsp;<\/p>\n<ul>\n<li><strong><span style=\"color: #0000ff;\">Album 5<\/span><\/strong> : <strong><span style=\"color: #008000;\"><a style=\"color: #008000;\" href=\"https:\/\/photos.app.goo.gl\/SMRGNranmwgmgtJ56\">Ultramarin 2019<\/a><\/span><\/strong><\/li>\n<\/ul>\n<ul>\n<li><span style=\"color: #0000ff;\"><strong>Album 4<\/strong><\/span> : <strong><a href=\"https:\/\/photos.app.goo.gl\/ETHMtih1s44wFa4S6\">Marathon sur piste 2019<\/a><\/strong><\/li>\n<\/ul>\n<p align=\"center\"><strong>Albums photos 2018 __________________________________________________<\/strong><\/p>\n<ul>\n<li style=\"text-align: left;\"><span style=\"color: #0000ff;\"><strong>Album 1<\/strong><\/span> : <strong><a href=\"https:\/\/photos.app.goo.gl\/ZnqgU7En7NpT8Meb9\">Les Foul\u00e9es de Beauchamp 2018<\/a><\/strong><\/li>\n<\/ul>\n<p style=\"text-align: center;\" align=\"center\"><strong>Albums photos 2017 __________________________________________________<\/strong><\/p>\n<h1 style=\"text-align: center;\" align=\"center\"><span style=\"color: #ff0000;\"><strong>Les Foul\u00e9es&nbsp;2017&nbsp;<\/strong><\/span><\/h1>\n<ul>\n<li style=\"text-align: left;\"><span style=\"color: #0000ff;\"><strong>Album 1<\/strong>&nbsp;:<span style=\"color: #008000;\"><strong><a style=\"color: #008000;\" href=\"https:\/\/photos.app.goo.gl\/bdvdNKmSXLJ0TNTI2\"> Les foul\u00e9es de Beauchamp course adulte<\/a>s<\/strong><\/span><\/span><\/li>\n<li style=\"text-align: left;\"><span style=\"color: #0000ff;\"><strong>Album 2<\/strong> :<strong><a href=\"https:\/\/photos.app.goo.gl\/plG0PcCKL18rXwnE2\"> Les foul\u00e9es de Beauchamp courses jeunes<\/a><\/strong><\/span><\/li>\n<\/ul>\n<p style=\"text-align: right;\">Merci \u00e0 Jacques Suard et Dom Jurion nos photographes<\/p>\n<h1 style=\"text-align: center;\" align=\"center\"><span style=\"color: #ff0000;\"><strong>Les Gendarmes 2017&nbsp;<\/strong><\/span><\/h1>\n<p>[ngg_images source=\u00a0\u00bbgalleries\u00a0\u00bb container_ids=\u00a0\u00bb49&Prime; display_type=\u00a0\u00bbphotocrati-nextgen_basic_thumbnails\u00a0\u00bb override_thumbnail_settings=\u00a0\u00bb0&Prime; thumbnail_width=\u00a0\u00bb240&Prime; thumbnail_height=\u00a0\u00bb160&Prime; thumbnail_crop=\u00a0\u00bb1&Prime; images_per_page=\u00a0\u00bb70&Prime; number_of_columns=\u00a0\u00bb3&Prime; ajax_pagination=\u00a0\u00bb0&Prime; show_all_in_lightbox=\u00a0\u00bb0&Prime; use_imagebrowser_effect=\u00a0\u00bb0&Prime; show_slideshow_link=\u00a0\u00bb0&Prime; slideshow_link_text=\u00a0\u00bb[Montrer sous forme de diaporama]\u00a0\u00bb template=\u00a0\u00bb\/data\/wordpress\/wp-content\/plugins\/nextgen-gallery\/products\/photocrati_nextgen\/modules\/ngglegacy\/view\/gallery-caption.php\u00a0\u00bb order_by=\u00a0\u00bbsortorder\u00a0\u00bb order_direction=\u00a0\u00bbASC\u00a0\u00bb returns=\u00a0\u00bbincluded\u00a0\u00bb maximum_entity_count=\u00a0\u00bb500&Prime;]<\/p>\n<p style=\"text-align: center;\" align=\"center\">&nbsp;<\/p>\n<hr>\n<h1 style=\"text-align: center;\" align=\"center\"><span style=\"color: #ff0000;\"><strong>Cheverny 2017<\/strong><\/span><\/h1>\n<p>[ngg_images source=\u00a0\u00bbgalleries\u00a0\u00bb container_ids=\u00a0\u00bb48&Prime; display_type=\u00a0\u00bbphotocrati-nextgen_basic_thumbnails\u00a0\u00bb override_thumbnail_settings=\u00a0\u00bb0&Prime; thumbnail_width=\u00a0\u00bb240&Prime; thumbnail_height=\u00a0\u00bb160&Prime; thumbnail_crop=\u00a0\u00bb1&Prime; images_per_page=\u00a0\u00bb70&Prime; number_of_columns=\u00a0\u00bb3&Prime; ajax_pagination=\u00a0\u00bb0&Prime; show_all_in_lightbox=\u00a0\u00bb0&Prime; use_imagebrowser_effect=\u00a0\u00bb0&Prime; show_slideshow_link=\u00a0\u00bb0&Prime; slideshow_link_text=\u00a0\u00bb[Montrer sous forme de diaporama]\u00a0\u00bb template=\u00a0\u00bb\/data\/wordpress\/wp-content\/plugins\/nextgen-gallery\/products\/photocrati_nextgen\/modules\/ngglegacy\/view\/gallery-caption.php\u00a0\u00bb order_by=\u00a0\u00bbsortorder\u00a0\u00bb order_direction=\u00a0\u00bbASC\u00a0\u00bb returns=\u00a0\u00bbincluded\u00a0\u00bb maximum_entity_count=\u00a0\u00bb500&Prime;]<\/p>\n<p style=\"text-align: center;\" align=\"center\">&nbsp;<\/p>\n<p style=\"text-align: center;\" align=\"center\"><span style=\"text-decoration: underline;\"><strong>Albums photos 2016 &nbsp; &nbsp; &nbsp; &nbsp; &nbsp; &nbsp; &nbsp; &nbsp; &nbsp; &nbsp; &nbsp; &nbsp; &nbsp; &nbsp; &nbsp; &nbsp; &nbsp; &nbsp; &nbsp; &nbsp; &nbsp; &nbsp; &nbsp; &nbsp; &nbsp; &nbsp; &nbsp; &nbsp; &nbsp; &nbsp; &nbsp; &nbsp; &nbsp; &nbsp; &nbsp; &nbsp; &nbsp; &nbsp; &nbsp; &nbsp; &nbsp; &nbsp; &nbsp; &nbsp; &nbsp; &nbsp; &nbsp; &nbsp; &nbsp; &nbsp;<\/strong><\/span><\/p>\n<ul>\n<li style=\"text-align: left;\">Mars&nbsp;2016\n<ul>\n<li style=\"text-align: left;\"><em><span style=\"color: #000000;\"><a style=\"color: #000000;\" href=\"https:\/\/www.dropbox.com\/s\/bqwdspddiio4yx7\/les%20coteaux.pptx?dl=0\">Les Coteaux<\/a>&nbsp;(St Leu)<\/span><\/em><\/li>\n<\/ul>\n<\/li>\n<li style=\"text-align: left;\">Juin 2016 :\n<ul>\n<li style=\"text-align: left;\">Les Tours de Piste de Beauchamp\n<ul>\n<li style=\"text-align: left;\"><em><span style=\"color: #000000;\"><a style=\"color: #000000;\" href=\"https:\/\/goo.gl\/photos\/gwi7LqTZHBXKYd2p9\">L&rsquo;album de Grand Dom<\/a><\/span><\/em><\/li>\n<li style=\"text-align: left;\"><em><span style=\"color: #000000;\"><a style=\"color: #000000;\" href=\"https:\/\/picasaweb.google.com\/106437417340321953364\/6295306771865098065?authuser=0&amp;feat=directlink\">L&rsquo;album de Jacques<\/a><\/span><\/em><\/li>\n<\/ul>\n<\/li>\n<li><em><span style=\"color: #000000;\"><a style=\"color: #000000; text-decoration: underline;\" href=\"http:\/\/www.la-saintbriceenne.org\/pages\/photos.html\">SaintBriceenne<\/a><\/span><\/em><\/li>\n<\/ul>\n<\/li>\n<li>Octobre 2016\n<ul>\n<li><span style=\"color: #000000;\"><em><a style=\"color: #000000;\" href=\"https:\/\/goo.gl\/photos\/KVCDL6rsuXSr6dtq7\" target=\"_blank\" rel=\"noopener noreferrer\">Les Templiers<\/a><\/em><\/span><\/li>\n<\/ul>\n<\/li>\n<li>Novembre 2016:\n<ul>\n<li>Les Foul\u00e9es de Beauchamp\n<ul>\n<li><span style=\"color: #000000;\"><em><a style=\"color: #000000;\" href=\"https:\/\/goo.gl\/photos\/eya7aW9yg442MTa89\">Photos de Dom Jurion<\/a><\/em><\/span><\/li>\n<li><span style=\"color: #000000;\"><em><a style=\"color: #000000;\" href=\"https:\/\/1drv.ms\/f\/s!AvUMvnXzR7kgpW81W1SXEaHrT4cv\">Photos Running Evasion<\/a><\/em><\/span><\/li>\n<li><span style=\"color: #000000;\"><em><em><a style=\"color: #000000;\" href=\"https:\/\/goo.gl\/photos\/YJroMk47csTbRGh17\">Photos Jacques Suard<\/a><\/em><\/em><\/span><\/li>\n<\/ul>\n<\/li>\n<li><span style=\"color: #000000;\"><em><span style=\"color: #000000;\"><a style=\"color: #000000; text-decoration: underline;\" href=\"https:\/\/goo.gl\/photos\/kRXjtNNqUokyoKEg8\">La Ronde d&rsquo;Ermont<\/a><\/span><br \/>\n<\/em><\/span><\/li>\n<\/ul>\n<\/li>\n<\/ul>\n<p style=\"text-align: left;\" align=\"center\"><strong>Archives Photos&nbsp; &nbsp; &nbsp; &nbsp;&nbsp;<\/strong><span style=\"text-decoration: underline;\"><strong>&nbsp;&nbsp;&nbsp;&nbsp;&nbsp;&nbsp;&nbsp;&nbsp;&nbsp;&nbsp;&nbsp;&nbsp;&nbsp;&nbsp;&nbsp;&nbsp;&nbsp;&nbsp;&nbsp;&nbsp;&nbsp;&nbsp;&nbsp;&nbsp;&nbsp;&nbsp;&nbsp;&nbsp;&nbsp;&nbsp;&nbsp;&nbsp;&nbsp;&nbsp;&nbsp;&nbsp;&nbsp;&nbsp;&nbsp;&nbsp;&nbsp;&nbsp;&nbsp;&nbsp;&nbsp;&nbsp;&nbsp;&nbsp;&nbsp;&nbsp;&nbsp;&nbsp;&nbsp;&nbsp;&nbsp;&nbsp;&nbsp;&nbsp;&nbsp;&nbsp;&nbsp;&nbsp;&nbsp;&nbsp;&nbsp;&nbsp;&nbsp;&nbsp;&nbsp;&nbsp;&nbsp;&nbsp;&nbsp;&nbsp;&nbsp;&nbsp;&nbsp;&nbsp;&nbsp;&nbsp;&nbsp;&nbsp;&nbsp;&nbsp;&nbsp;&nbsp;&nbsp;&nbsp;&nbsp;&nbsp;&nbsp;&nbsp; <\/strong><\/span><\/p>\n<p style=\"text-align: center;\" align=\"center\">Tous les anciens albums photos de l&rsquo;AC Beauchamp sur<\/p>\n<p style=\"text-align: center;\" align=\"center\"><span style=\"color: #ff0000;\"><strong><a style=\"color: #ff0000;\" href=\"https:\/\/picasaweb.google.com\/101638614941245134647\" target=\"_blank\" rel=\"noopener noreferrer\">CLIQUEZ ICI<\/a><\/strong><\/span><\/p>\n<p>&nbsp;<\/p>\n","protected":false},"excerpt":{"rendered":"<p>Galeries Photos &nbsp; &nbsp; &nbsp; &nbsp; &nbsp; &nbsp; &nbsp; &nbsp;&nbsp;&nbsp; &nbsp; &nbsp; &nbsp; &nbsp; &nbsp; &nbsp; &nbsp; &nbsp; &nbsp; &nbsp; &nbsp; &nbsp; &nbsp; &nbsp;&nbsp; &nbsp;&nbsp;&nbsp;&nbsp;&nbsp;&nbsp;&nbsp;&nbsp;&nbsp;&nbsp;&nbsp;&nbsp;&nbsp;&nbsp;&nbsp;&nbsp;&nbsp;&nbsp;&nbsp;&nbsp;&nbsp;&nbsp;&nbsp;&nbsp;&nbsp;&nbsp;&nbsp;&nbsp;&nbsp;&nbsp;&nbsp;&nbsp;&nbsp;&nbsp; Albums photos 2019 __________________________________________________ Album 1 : Les Foul\u00e9es de Beauchamp 2019 Album 2 : R\u00e9compenses des Foul\u00e9es de Beauchamp 2019 Album 3&nbsp;: Photos Enfants Les Foul\u00e9es de Beauchamp 2019 &hellip; <a href=\"https:\/\/acb-athletisme.fr\/?page_id=242\" class=\"more-link\">Continuer la lecture de <span class=\"screen-reader-text\">Les Photos<\/span>  <span class=\"meta-nav\">&rarr;<\/span><\/a><\/p>\n","protected":false},"author":1,"featured_media":0,"parent":238,"menu_order":0,"comment_status":"closed","ping_status":"closed","template":"","meta":{"footnotes":""},"class_list":["post-242","page","type-page","status-publish","hentry"],"_links":{"self":[{"href":"https:\/\/acb-athletisme.fr\/index.php?rest_route=\/wp\/v2\/pages\/242","targetHints":{"allow":["GET"]}}],"collection":[{"href":"https:\/\/acb-athletisme.fr\/index.php?rest_route=\/wp\/v2\/pages"}],"about":[{"href":"https:\/\/acb-athletisme.fr\/index.php?rest_route=\/wp\/v2\/types\/page"}],"author":[{"embeddable":true,"href":"https:\/\/acb-athletisme.fr\/index.php?rest_route=\/wp\/v2\/users\/1"}],"replies":[{"embeddable":true,"href":"https:\/\/acb-athletisme.fr\/index.php?rest_route=%2Fwp%2Fv2%2Fcomments&post=242"}],"version-history":[{"count":34,"href":"https:\/\/acb-athletisme.fr\/index.php?rest_route=\/wp\/v2\/pages\/242\/revisions"}],"predecessor-version":[{"id":3377,"href":"https:\/\/acb-athletisme.fr\/index.php?rest_route=\/wp\/v2\/pages\/242\/revisions\/3377"}],"up":[{"embeddable":true,"href":"https:\/\/acb-athletisme.fr\/index.php?rest_route=\/wp\/v2\/pages\/238"}],"wp:attachment":[{"href":"https:\/\/acb-athletisme.fr\/index.php?rest_route=%2Fwp%2Fv2%2Fmedia&parent=242"}],"curies":[{"name":"wp","href":"https:\/\/api.w.org\/{rel}","templated":true}]}}